{"id":7255,"date":"2025-03-15T12:49:28","date_gmt":"2025-03-15T10:49:28","guid":{"rendered":"https:\/\/www.alajarvenankkurit.fi\/yleisurheilu\/?page_id=7255"},"modified":"2025-05-28T09:20:15","modified_gmt":"2025-05-28T06:20:15","slug":"2025-2","status":"publish","type":"page","link":"https:\/\/www.alajarvenankkurit.fi\/yleisurheilu\/2025-2\/","title":{"rendered":"2025"},"content":{"rendered":"\n<h2 class=\"wp-block-heading\"><strong>Kunniakierros j\u00e4rjestettiin 26.5.2025 Ankkurikent\u00e4ll\u00e4<\/strong><\/h2>\n\n\n\n<p><strong>Ehdit viel\u00e4 kes\u00e4n aikana tukemaan tukemaan<\/strong> <strong>alaj\u00e4rvel\u00e4ist\u00e4 yleisurheilua!<\/strong><\/p>\n\n\n\n<p>Linkki vuoden 2025 ker\u00e4\u00e4jiin: <a href=\"https:\/\/www.alajarvenankkurit.fi\/yleisurheilu\/kunniakierros-2025-keraajat\/\">Kunniakierros 2025 &#8211; ker\u00e4\u00e4j\u00e4t &#8211; Alaj\u00e4rven Ankkurit \/ Yleisurheilu<\/a><\/p>\n\n\n\n<p>44-vuotias Kunniakierrostapahtuma ker\u00e4si j\u00e4lleen kuntoilijoita, jotka kiersiv\u00e4t mukavassa s\u00e4\u00e4ss\u00e4 Ankkurikent\u00e4n juoksurataa. Tapahtuman idea on ker\u00e4t\u00e4 tukijoita yrityksist\u00e4 ja yksityishenkil\u00f6ilt\u00e4 joko kerta- tai kierrosmaksuilla sek\u00e4 kuntoilla tunnin ajan hyv\u00e4ss\u00e4 seurassa. Ker\u00e4tyill\u00e4 varoilla tuetaan mm. ankkurinuorten leirityksi\u00e4 ja SM-kisamatkoja, maksetaan kilpailujen ilmoittautumismaksuja sek\u00e4 monitoimihallin ja kuntosalin k\u00e4ytt\u00f6vuoroja.\u00a0T\u00e4n\u00e4 vuonna tuikit\u00e4rkeit\u00e4 euroja saatiin kasaan noin 2500 euroa, josta l\u00e4hes puolet ker\u00e4si <strong>Tapio Rajala<\/strong>. My\u00f6s <strong>Katariina Lepp\u00e4aho<\/strong> ja <strong>Kalle Nyg\u00e5rd<\/strong> ker\u00e4siv\u00e4t mukavat summat. Suurimmat lahjoittajayritykset olivat Alaj\u00e4rven Osuuspankki, Alaj\u00e4rven S\u00e4hk\u00f6, Oma S\u00e4\u00e4st\u00f6pankki, Rakennusliike Pitk\u00e4kangas, CLT Finland Oy ja Maatalousyhtym\u00e4 Iham\u00e4ki. T\u00e4rkeit\u00e4 lahjoituksia tekiv\u00e4t my\u00f6s J\u00e4rvi-Z Oy, Alaj\u00e4rven L\u00e4mp\u00f6 Oy, Annelin J\u00e4senpaja, J\u00e4rviseudun Kotitalouskonehuolto Oy, Linja-autoliikenne O.A.Aho Oy ja Mainostoimisto Ikonos. Yksityishenkil\u00f6iden lahjoituksilla saatiin kokoon my\u00f6s merkitt\u00e4v\u00e4 summa!<\/p>\n\n\n\n<p>Liek\u00f6 syntynyt uusi Ankkureiden kunniakierroksen ik\u00e4kausienn\u00e4tys kun juuri 10v t\u00e4ytt\u00e4nyt <strong>Topias Keltikangas <\/strong>hurjasteli tunnin aikana per\u00e4ti 10 km! H\u00e4nest\u00e4 ei juurikaan j\u00e4\u00e4nyt loppuvuodesta 10v t\u00e4ytt\u00e4v\u00e4 <strong>Riku Vuorela<\/strong>, joka juoksi vain reilun kierroksen verran v\u00e4hemm\u00e4n. Jani Vuorela koetti sinnitell\u00e4 n\u00e4iden sitkeiden poikien per\u00e4ss\u00e4 ja juoksi my\u00f6s l\u00e4hes 10 km iltalenkin. <strong>Sara Vuorela<\/strong>lle ja <strong>Katariina Lepp\u00e4aho<\/strong>lle laskettiin kierrosluvuksi 20 ja <strong>Kalle Nyg\u00e5rd<\/strong>ille 18. Maininnan ehdottomasti ansaitsee my\u00f6s 8-vuotias <strong>Sini Nyg\u00e5rd<\/strong>, joka kiersi kent\u00e4n 17 kertaa. Kentt\u00e4\u00e4 kiersi my\u00f6s Ankkureiden muita nuoria urheilijoita ja vanhempia sek\u00e4 USA:n yliopistomaailmasta eh\u00e4tt\u00e4nyt moniottelija <strong>Eucabeth Kivikangas<\/strong>. Urakoinnin j\u00e4lkeen arvottiin muutamia tuotepalkintoja, jotka oli lahjoittanut Alaj\u00e4rven kaupunki.<\/p>\n\n\n\n<figure class=\"wp-block-gallery has-nested-images columns-default is-cropped wp-block-gallery-1 is-layout-flex wp-block-gallery-is-layout-flex\">\n<figure class=\"wp-block-image size-large\"><img loading=\"lazy\" decoding=\"async\" width=\"2048\" height=\"1407\" data-id=\"7533\" src=\"https:\/\/www.alajarvenankkurit.fi\/yleisurheilu\/wp-content\/uploads\/sites\/2\/2025\/05\/Kunniakierrosporukkaa-2048x1407.jpg\" alt=\"\" class=\"wp-image-7533\" srcset=\"https:\/\/www.alajarvenankkurit.fi\/yleisurheilu\/wp-content\/uploads\/sites\/2\/2025\/05\/Kunniakierrosporukkaa-2048x1407.jpg 2048w, https:\/\/www.alajarvenankkurit.fi\/yleisurheilu\/wp-content\/uploads\/sites\/2\/2025\/05\/Kunniakierrosporukkaa-300x206.jpg 300w, https:\/\/www.alajarvenankkurit.fi\/yleisurheilu\/wp-content\/uploads\/sites\/2\/2025\/05\/Kunniakierrosporukkaa-768x528.jpg 768w, https:\/\/www.alajarvenankkurit.fi\/yleisurheilu\/wp-content\/uploads\/sites\/2\/2025\/05\/Kunniakierrosporukkaa-1536x1056.jpg 1536w\" sizes=\"auto, (max-width: 767px) 89vw, (max-width: 1000px) 54vw, (max-width: 1071px) 543px, 580px\" \/><\/figure>\n\n\n\n<figure class=\"wp-block-image size-large\"><img loading=\"lazy\" decoding=\"async\" width=\"1560\" height=\"1161\" data-id=\"7532\" src=\"https:\/\/www.alajarvenankkurit.fi\/yleisurheilu\/wp-content\/uploads\/sites\/2\/2025\/05\/Topias_Jani_Riku.jpg\" alt=\"\" class=\"wp-image-7532\" srcset=\"https:\/\/www.alajarvenankkurit.fi\/yleisurheilu\/wp-content\/uploads\/sites\/2\/2025\/05\/Topias_Jani_Riku.jpg 1560w, https:\/\/www.alajarvenankkurit.fi\/yleisurheilu\/wp-content\/uploads\/sites\/2\/2025\/05\/Topias_Jani_Riku-300x223.jpg 300w, https:\/\/www.alajarvenankkurit.fi\/yleisurheilu\/wp-content\/uploads\/sites\/2\/2025\/05\/Topias_Jani_Riku-768x572.jpg 768w, https:\/\/www.alajarvenankkurit.fi\/yleisurheilu\/wp-content\/uploads\/sites\/2\/2025\/05\/Topias_Jani_Riku-1536x1143.jpg 1536w\" sizes=\"auto, (max-width: 767px) 89vw, (max-width: 1000px) 54vw, (max-width: 1071px) 543px, 580px\" \/><\/figure>\n<figcaption class=\"blocks-gallery-caption wp-element-caption\">Tunnin urakoinnin j\u00e4lkeen kuivataan hike\u00e4 ja laitetaan nestetasapainoa kuntoon sek\u00e4 vaihdetaan kuulumisia. Oikealla pisimm\u00e4t lenkit juosseet Topias, Jani ja Riku.<\/figcaption><\/figure>\n\n\n\n<figure class=\"wp-block-gallery has-nested-images columns-default is-cropped wp-block-gallery-2 is-layout-flex wp-block-gallery-is-layout-flex\">\n<figure class=\"wp-block-image size-full\"><img loading=\"lazy\" decoding=\"async\" width=\"1010\" height=\"1401\" data-id=\"7539\" src=\"https:\/\/www.alajarvenankkurit.fi\/yleisurheilu\/wp-content\/uploads\/sites\/2\/2025\/05\/Sara_Katariina.jpg\" alt=\"\" class=\"wp-image-7539\" srcset=\"https:\/\/www.alajarvenankkurit.fi\/yleisurheilu\/wp-content\/uploads\/sites\/2\/2025\/05\/Sara_Katariina.jpg 1010w, https:\/\/www.alajarvenankkurit.fi\/yleisurheilu\/wp-content\/uploads\/sites\/2\/2025\/05\/Sara_Katariina-216x300.jpg 216w, https:\/\/www.alajarvenankkurit.fi\/yleisurheilu\/wp-content\/uploads\/sites\/2\/2025\/05\/Sara_Katariina-768x1065.jpg 768w\" sizes=\"auto, (max-width: 767px) 89vw, (max-width: 1000px) 54vw, (max-width: 1071px) 543px, 580px\" \/><\/figure>\n\n\n\n<figure class=\"wp-block-image size-large\"><img loading=\"lazy\" decoding=\"async\" width=\"1282\" height=\"1502\" data-id=\"7536\" src=\"https:\/\/www.alajarvenankkurit.fi\/yleisurheilu\/wp-content\/uploads\/sites\/2\/2025\/05\/Liinu_Ilona_Euca.jpg\" alt=\"\" class=\"wp-image-7536\" srcset=\"https:\/\/www.alajarvenankkurit.fi\/yleisurheilu\/wp-content\/uploads\/sites\/2\/2025\/05\/Liinu_Ilona_Euca.jpg 1282w, https:\/\/www.alajarvenankkurit.fi\/yleisurheilu\/wp-content\/uploads\/sites\/2\/2025\/05\/Liinu_Ilona_Euca-256x300.jpg 256w, https:\/\/www.alajarvenankkurit.fi\/yleisurheilu\/wp-content\/uploads\/sites\/2\/2025\/05\/Liinu_Ilona_Euca-768x900.jpg 768w\" sizes=\"auto, (max-width: 767px) 89vw, (max-width: 1000px) 54vw, (max-width: 1071px) 543px, 580px\" \/><\/figure>\n\n\n\n<figure class=\"wp-block-image size-large\"><img loading=\"lazy\" decoding=\"async\" width=\"1500\" height=\"2000\" data-id=\"7537\" src=\"https:\/\/www.alajarvenankkurit.fi\/yleisurheilu\/wp-content\/uploads\/sites\/2\/2025\/05\/Kalle_Sini_Nygard.jpg\" alt=\"\" class=\"wp-image-7537\" srcset=\"https:\/\/www.alajarvenankkurit.fi\/yleisurheilu\/wp-content\/uploads\/sites\/2\/2025\/05\/Kalle_Sini_Nygard.jpg 1500w, https:\/\/www.alajarvenankkurit.fi\/yleisurheilu\/wp-content\/uploads\/sites\/2\/2025\/05\/Kalle_Sini_Nygard-225x300.jpg 225w, https:\/\/www.alajarvenankkurit.fi\/yleisurheilu\/wp-content\/uploads\/sites\/2\/2025\/05\/Kalle_Sini_Nygard-768x1024.jpg 768w, https:\/\/www.alajarvenankkurit.fi\/yleisurheilu\/wp-content\/uploads\/sites\/2\/2025\/05\/Kalle_Sini_Nygard-1152x1536.jpg 1152w\" sizes=\"auto, (max-width: 767px) 89vw, (max-width: 1000px) 54vw, (max-width: 1071px) 543px, 580px\" \/><\/figure>\n<figcaption class=\"blocks-gallery-caption wp-element-caption\">Sara, Katariina, Liinu, Ilona, Eucabeth sek\u00e4 Sini ja Kalle<\/figcaption><\/figure>\n\n\n\n<p>Kaikki ovat tervetulleita kunniakierrostapahtumaan, jossa kuntoillaan 60 minuuttia hyv\u00e4ss\u00e4 hengess\u00e4 ik\u00e4\u00e4n tai kuntoon katsomatta. Tule mukaan tukijaksi t\u00e4h\u00e4n jo 44 vuotta jatkuneeseen ker\u00e4ykseen tai liikkumaan itse! Samalla tapaat seuran nuoria urheilijoita, joihin ker\u00e4tty tuki kohdistuu. Osallistujien kesken arvomme my\u00f6s muutamia tuotepalkintoja!<\/p>\n\n\n\n<p>Kunniakierros on Suomen Urheiluliiton ja sen j\u00e4senseurojen yhteinen varainkeruukampanja, jonka urheiluseurat organisoivat paikallisesti. Kunniakierrosperinne on jatkunut jo yli 40 vuotta ja seurat ovat ker\u00e4nneet varoja toimintaansa reilut 33 miljoonaa euroa! Kampanjan tuotto k\u00e4ytet\u00e4\u00e4n yleisurheiluty\u00f6h\u00f6n seuroissa ja SUL:ssa. J\u00e4rjest\u00e4v\u00e4n seuran osuus tuotosta on v\u00e4hint\u00e4\u00e4n 80%.<\/p>\n\n\n\n<p>Kunniakierroksen ideana on haastaa seurav\u00e4ki ker\u00e4\u00e4m\u00e4\u00e4n tukijoita yrityksilt\u00e4 tai yksityishenkil\u00f6ilt\u00e4. Ker\u00e4ys tapahtuu<a href=\"https:\/\/www.kunniakierros.fi\/_am_fileupload\/Upload\/get\/793d1489-3863-4ed4-970d-e3d98e63565e.pdf?key=AC06F4C65B553EA951A776EC12E6C2F056B93FE87FD20DDEF24EB2EBBDF4F962C3B8FF07183A067CDB7B375CE04E9E9D912B570FA8F614CE96E9761A0F27EC76A797A815B7E76CC9061E95CBCC8FC2663CD0F992046DA4A2B085614651C56DE940BCDD1767DD62DD3A42943A96684910BBE3EAE49C53EE2109452B0FAAF83C0CD95CD7C5222C7DE1695FB0BFAD59DDDF\" target=\"_blank\" rel=\"noreferrer noopener\"> ker\u00e4yslomakkeilla<\/a> tai vain ilmoittamalla osallistumisestaan&nbsp;<a href=\"http:\/\/www.alajarvenankkurit.fi\/yleisurheilu\/yhteystiedot\/\" target=\"_blank\" rel=\"noreferrer noopener\">jaoston j\u00e4senille<\/a>! Minimi tukisumma on 15 euroa ja k\u00e4teismaksuja ei saa ker\u00e4t\u00e4. Luvatuista tukisummista l\u00e4hetet\u00e4\u00e4n laskut s\u00e4hk\u00f6postitse tai paperipostina kunniakierrostapahtuman j\u00e4lkeen. Sivun alkuun tulee linkki, josta p\u00e4\u00e4set vuoden 2025 ker\u00e4\u00e4jien listaan (mukaan voi ilmoittautua). Ker\u00e4\u00e4j\u00e4n nimest\u00e4 klikkaamalla voi helposti ilmoittautua tukijaksi! Lis\u00e4tietoja yleisurheilujaoston s\u00e4hk\u00f6postiosoitteesta (yleisurheilu@alajarvenankkurit.fi) tai suoraan&nbsp;<a href=\"http:\/\/www.alajarvenankkurit.fi\/yleisurheilu\/yhteystiedot\/\" target=\"_blank\" rel=\"noreferrer noopener\">jaoston j\u00e4senilt\u00e4<\/a>!<\/p>\n\n\n\n<p>Valtakunnalliselta&nbsp;<a href=\"https:\/\/kunniakierros.fi\/fi\/public\" target=\"_blank\" rel=\"noreferrer noopener\">www.kunniakierros.fi<\/a>&nbsp;-sivulta l\u00f6ytyy lis\u00e4\u00e4 tietoa tapahtumasta ja voi seurata ker\u00e4ystilannetta.<\/p>\n\n\n\n<div class=\"wp-block-group is-nowrap is-layout-flex wp-container-core-group-is-layout-ad2f72ca wp-block-group-is-layout-flex\">\n<figure class=\"wp-block-image size-full\"><img loading=\"lazy\" decoding=\"async\" width=\"400\" height=\"267\" src=\"https:\/\/www.alajarvenankkurit.fi\/yleisurheilu\/wp-content\/uploads\/sites\/2\/2024\/03\/Nayttokuva-2024-03-03-170415.jpg\" alt=\"\" class=\"wp-image-6106\" srcset=\"https:\/\/www.alajarvenankkurit.fi\/yleisurheilu\/wp-content\/uploads\/sites\/2\/2024\/03\/Nayttokuva-2024-03-03-170415.jpg 400w, https:\/\/www.alajarvenankkurit.fi\/yleisurheilu\/wp-content\/uploads\/sites\/2\/2024\/03\/Nayttokuva-2024-03-03-170415-300x200.jpg 300w\" sizes=\"auto, (max-width: 400px) 100vw, 400px\" \/><\/figure>\n\n\n\n<figure class=\"wp-block-image size-full\"><img loading=\"lazy\" decoding=\"async\" width=\"659\" height=\"643\" src=\"https:\/\/www.alajarvenankkurit.fi\/yleisurheilu\/wp-content\/uploads\/sites\/2\/2024\/03\/T11_joukkue_pieni-4.jpg\" alt=\"\" class=\"wp-image-6107\" srcset=\"https:\/\/www.alajarvenankkurit.fi\/yleisurheilu\/wp-content\/uploads\/sites\/2\/2024\/03\/T11_joukkue_pieni-4.jpg 659w, https:\/\/www.alajarvenankkurit.fi\/yleisurheilu\/wp-content\/uploads\/sites\/2\/2024\/03\/T11_joukkue_pieni-4-300x293.jpg 300w\" sizes=\"auto, (max-width: 659px) 100vw, 659px\" \/><\/figure>\n<\/div>\n","protected":false},"excerpt":{"rendered":"<p>Kunniakierros j\u00e4rjestettiin 26.5.2025 Ankkurikent\u00e4ll\u00e4 Ehdit viel\u00e4 kes\u00e4n aikana tukemaan tukemaan alaj\u00e4rvel\u00e4ist\u00e4 yleisurheilua! Linkki vuoden 2025 ker\u00e4\u00e4jiin: Kunniakierros 2025 &#8211; ker\u00e4\u00e4j\u00e4t &#8211; Alaj\u00e4rven Ankkurit \/ Yleisurheilu 44-vuotias Kunniakierrostapahtuma ker\u00e4si j\u00e4lleen kuntoilijoita, jotka kiersiv\u00e4t mukavassa s\u00e4\u00e4ss\u00e4 Ankkurikent\u00e4n juoksurataa. Tapahtuman idea on ker\u00e4t\u00e4 tukijoita yrityksist\u00e4 ja yksityishenkil\u00f6ilt\u00e4 joko kerta- tai kierrosmaksuilla sek\u00e4 kuntoilla tunnin ajan hyv\u00e4ss\u00e4 seurassa. Ker\u00e4tyill\u00e4 &hellip; <\/p>\n<p class=\"link-more\"><a href=\"https:\/\/www.alajarvenankkurit.fi\/yleisurheilu\/2025-2\/\" class=\"more-link\">Jatka lukemista<span class=\"screen-reader-text\"> &#8221;2025&#8221;<\/span><\/a><\/p>\n","protected":false},"author":5,"featured_media":0,"parent":0,"menu_order":0,"comment_status":"closed","ping_status":"closed","template":"","meta":{"footnotes":""},"class_list":["post-7255","page","type-page","status-publish","hentry"],"_links":{"self":[{"href":"https:\/\/www.alajarvenankkurit.fi\/yleisurheilu\/wp-json\/wp\/v2\/pages\/7255","targetHints":{"allow":["GET"]}}],"collection":[{"href":"https:\/\/www.alajarvenankkurit.fi\/yleisurheilu\/wp-json\/wp\/v2\/pages"}],"about":[{"href":"https:\/\/www.alajarvenankkurit.fi\/yleisurheilu\/wp-json\/wp\/v2\/types\/page"}],"author":[{"embeddable":true,"href":"https:\/\/www.alajarvenankkurit.fi\/yleisurheilu\/wp-json\/wp\/v2\/users\/5"}],"replies":[{"embeddable":true,"href":"https:\/\/www.alajarvenankkurit.fi\/yleisurheilu\/wp-json\/wp\/v2\/comments?post=7255"}],"version-history":[{"count":7,"href":"https:\/\/www.alajarvenankkurit.fi\/yleisurheilu\/wp-json\/wp\/v2\/pages\/7255\/revisions"}],"predecessor-version":[{"id":7550,"href":"https:\/\/www.alajarvenankkurit.fi\/yleisurheilu\/wp-json\/wp\/v2\/pages\/7255\/revisions\/7550"}],"wp:attachment":[{"href":"https:\/\/www.alajarvenankkurit.fi\/yleisurheilu\/wp-json\/wp\/v2\/media?parent=7255"}],"curies":[{"name":"wp","href":"https:\/\/api.w.org\/{rel}","templated":true}]}}