{"id":498,"date":"2019-12-31T10:54:00","date_gmt":"2019-12-31T08:54:00","guid":{"rendered":"http:\/\/212.66.193.72\/~cp4520516\/yleisurheilu\/?page_id=498"},"modified":"2025-10-12T12:32:14","modified_gmt":"2025-10-12T09:32:14","slug":"alue-ja-piirileiritys","status":"publish","type":"page","link":"https:\/\/www.alajarvenankkurit.fi\/yleisurheilu\/harjoitustoiminta\/alue-ja-piirileiritys\/","title":{"rendered":"Yleisurheilun leiritykset"},"content":{"rendered":"<div class=\"wp-block-image\">\n<figure class=\"alignright\"><img loading=\"lazy\" decoding=\"async\" width=\"202\" height=\"300\" src=\"http:\/\/212.66.193.72\/~cp4520516\/yleisurheilu\/wp-content\/uploads\/sites\/2\/2019\/10\/ANMJ_Olavi_Euca_Aleksi_2-202x300.jpeg\" alt=\"\" class=\"wp-image-50\" srcset=\"https:\/\/www.alajarvenankkurit.fi\/yleisurheilu\/wp-content\/uploads\/sites\/2\/2019\/10\/ANMJ_Olavi_Euca_Aleksi_2-202x300.jpeg 202w, https:\/\/www.alajarvenankkurit.fi\/yleisurheilu\/wp-content\/uploads\/sites\/2\/2019\/10\/ANMJ_Olavi_Euca_Aleksi_2.jpeg 403w\" sizes=\"auto, (max-width: 202px) 100vw, 202px\" \/><figcaption class=\"wp-element-caption\">Kaudella 2018-2019 ANMJ-leirityksess\u00e4 mukana olivat Olavi Yli-Mannila, Eucabeth Kivikangas ja Aleksi Yli-Mannila.<\/figcaption><\/figure>\n<\/div>\n\n\n<p>Seura tukee leiritykseen valittuja vuosittain p\u00e4\u00e4tett\u00e4v\u00e4ll\u00e4 summalla. Tuen edellytys on, ett\u00e4 urheilija osallistuu oman seuran valmennustoimintaan ja\/tai h\u00e4nell\u00e4&nbsp;on henkil\u00f6kohtainen harjoitusohjelma.<\/p>\n\n\n\n<p>Piirileirityksi\u00e4 j\u00e4rjest\u00e4v\u00e4t yhteisesti Etel\u00e4-Pohjanmaan, Keski-Pohjanmaan ja Keski-Suomen piirit Kuortaneen Urheiluopistolla. Suomen Urheiluliitto (SUL) j\u00e4rjest\u00e4\u00e4 Team Finland -ryhmien (huiput, haastajat, nuoret ja juniorit) leiritykset.<\/p>\n\n\n\n<h4 class=\"wp-block-heading\">Kaudella 2025-2026 leirityksiss\u00e4 <\/h4>\n\n\n\n<p><span style=\"text-decoration: underline\">Piirileiritys<\/span>: Katariina Lepp\u00e4aho<\/p>\n\n\n\n<p><span style=\"text-decoration: underline\">Team Finland -juniorit<\/span>: Hanna Siiril\u00e4<\/p>\n\n\n\n<p><\/p>\n\n\n\n<p><\/p>\n","protected":false},"excerpt":{"rendered":"<p>Seura tukee leiritykseen valittuja vuosittain p\u00e4\u00e4tett\u00e4v\u00e4ll\u00e4 summalla. Tuen edellytys on, ett\u00e4 urheilija osallistuu oman seuran valmennustoimintaan ja\/tai h\u00e4nell\u00e4&nbsp;on henkil\u00f6kohtainen harjoitusohjelma. Piirileirityksi\u00e4 j\u00e4rjest\u00e4v\u00e4t yhteisesti Etel\u00e4-Pohjanmaan, Keski-Pohjanmaan ja Keski-Suomen piirit Kuortaneen Urheiluopistolla. Suomen Urheiluliitto (SUL) j\u00e4rjest\u00e4\u00e4 Team Finland -ryhmien (huiput, haastajat, nuoret ja juniorit) leiritykset. Kaudella 2025-2026 leirityksiss\u00e4 Piirileiritys: Katariina Lepp\u00e4aho Team Finland -juniorit: Hanna Siiril\u00e4<\/p>\n","protected":false},"author":5,"featured_media":0,"parent":500,"menu_order":1,"comment_status":"closed","ping_status":"closed","template":"","meta":{"footnotes":""},"class_list":["post-498","page","type-page","status-publish","hentry"],"_links":{"self":[{"href":"https:\/\/www.alajarvenankkurit.fi\/yleisurheilu\/wp-json\/wp\/v2\/pages\/498","targetHints":{"allow":["GET"]}}],"collection":[{"href":"https:\/\/www.alajarvenankkurit.fi\/yleisurheilu\/wp-json\/wp\/v2\/pages"}],"about":[{"href":"https:\/\/www.alajarvenankkurit.fi\/yleisurheilu\/wp-json\/wp\/v2\/types\/page"}],"author":[{"embeddable":true,"href":"https:\/\/www.alajarvenankkurit.fi\/yleisurheilu\/wp-json\/wp\/v2\/users\/5"}],"replies":[{"embeddable":true,"href":"https:\/\/www.alajarvenankkurit.fi\/yleisurheilu\/wp-json\/wp\/v2\/comments?post=498"}],"version-history":[{"count":13,"href":"https:\/\/www.alajarvenankkurit.fi\/yleisurheilu\/wp-json\/wp\/v2\/pages\/498\/revisions"}],"predecessor-version":[{"id":7960,"href":"https:\/\/www.alajarvenankkurit.fi\/yleisurheilu\/wp-json\/wp\/v2\/pages\/498\/revisions\/7960"}],"up":[{"embeddable":true,"href":"https:\/\/www.alajarvenankkurit.fi\/yleisurheilu\/wp-json\/wp\/v2\/pages\/500"}],"wp:attachment":[{"href":"https:\/\/www.alajarvenankkurit.fi\/yleisurheilu\/wp-json\/wp\/v2\/media?parent=498"}],"curies":[{"name":"wp","href":"https:\/\/api.w.org\/{rel}","templated":true}]}}