{"id":4698,"date":"2023-03-25T21:50:20","date_gmt":"2023-03-25T19:50:20","guid":{"rendered":"https:\/\/www.alajarvenankkurit.fi\/yleisurheilu\/?page_id=4698"},"modified":"2024-03-03T17:16:00","modified_gmt":"2024-03-03T15:16:00","slug":"kunniakierros-2023","status":"publish","type":"page","link":"https:\/\/www.alajarvenankkurit.fi\/yleisurheilu\/kunniakierros\/kunniakierros-2023\/","title":{"rendered":"2023"},"content":{"rendered":"\n<h2 class=\"wp-block-heading\"><a href=\"https:\/\/www.alajarvenankkurit.fi\/yleisurheilu\/kunniakierros-2022-keraajat\/\"><strong><br><\/strong><\/a>Ankkurikent\u00e4ll\u00e4 ker\u00e4ttiin varoja 29.5.2023!<\/h2>\n\n\n\n<p><strong>Vuoden 2023 ker\u00e4\u00e4j\u00e4t<\/strong>: <a href=\"https:\/\/www.alajarvenankkurit.fi\/yleisurheilu\/kunniakierros\/kunniakierros-2023-keraajat\/\">Kunniakierros 2023 &#8211; Ker\u00e4\u00e4j\u00e4t &#8211; Alaj\u00e4rven Ankkurit \/ Yleisurheilu (alajarvenankkurit.fi)<\/a><\/p>\n\n\n\n<p>Perinteiseen<strong> kunniakierrostapahtumaan<\/strong> oli saatu j\u00e4lleen mukava m\u00e4\u00e4r\u00e4 reipasta kuntoilijasakkia, kun reilut 20 juoksijaa tai k\u00e4velij\u00e4\u00e4 kiersi Ankkurikent\u00e4n juoksurataa. He kuntoilivat hymyss\u00e4 suin eiv\u00e4tk\u00e4 illan koleutta valitelleet, mutta seisoskelijoita ei l\u00e4mp\u00f6 juuri hellinyt. Tapahtuman idea on ker\u00e4t\u00e4 itselleen tukijoita yrityksist\u00e4 ja yksityishenkil\u00f6ilt\u00e4 joko kerta- tai kierrosmaksuilla sek\u00e4 kuntoilla tunnin ajan hyv\u00e4ss\u00e4 seurassa. Ker\u00e4tyill\u00e4 varoilla tuetaan mm. ankkurinuorten leirityksi\u00e4 ja SM-kisamatkoja, maksetaan kilpailujen ilmoittautumismaksuja sek\u00e4 monitoimihallin ja kuntosalin k\u00e4ytt\u00f6vuoroja. T\u00e4n\u00e4 vuonna arvokkaita euroja saatiin kasaan noin 4300 euroa, josta reilusti suurimman summan ker\u00e4si <strong>Tapio Rajala<\/strong>. Yrityksist\u00e4 suurimmat tukisummat lahjoittivat Alaj\u00e4rven Osuuspankki,  Fennia, Oma SP Alaj\u00e4rvi, Rakennusliike Pitk\u00e4kangas, Alaj\u00e4rven Puhelinosuuskunta, CLT Finland Oy, Netwheels Oy ja Alaj\u00e4rven S\u00e4hk\u00f6. Mittava osuus ker\u00e4tyst\u00e4 summasta saatiin kuitenkin kasaan yksityishenkil\u00f6iden lahjoituksilla! Etel\u00e4-Pohjanmaan Urheilun ex-puheenjohtaja <strong>Reijo Raja-aho<\/strong> kunnioitti l\u00e4sn\u00e4olollaan Ankkurien tapahtumaa ja osallistui niin tukijana kuin kent\u00e4n kiert\u00e4j\u00e4n\u00e4kin.<\/p>\n\n\n\n<p>Kertamaksuja ker\u00e4nneille ei kierrosm\u00e4\u00e4ri\u00e4 laskettu, mutta useampikin taisi ehti\u00e4 juosta l\u00e4hes 10 km iltalenkin. Eniten kierroksia laskettiin t\u00e4ll\u00e4 kertaa <strong>Solomon Mbye<\/strong>lle (23 kierrosta), joka on jo useana kev\u00e4\u00e4n\u00e4 tuonut perheineen iloisen tuulahduksen Vimpelist\u00e4. Pitk\u00e4n iltalenkin ehtiv\u00e4t juosta Ankkurien kest\u00e4vyysjuoksijat <strong> Liinu J\u00e4rvinen <\/strong>ja<strong> Ilona Takala <\/strong>sek\u00e4<strong> Katariina Lepp\u00e4aho<\/strong>,<strong> Sara Vuorela<\/strong> ja <strong>Anniina Viitasaari<\/strong>. Suuren tukisumman vuosien varrella Ankkurien yleisurheilijoille ker\u00e4nnyt <strong>Kalle Nyg\u00e5rd<\/strong> ehti t\u00e4ll\u00e4 kertaa taivaltaa komeat 20 kierrosta. <strong>Suuret kiitokset kaikille tapahtumaan osallistuneille ja ennen kaikkea tukijoille!<\/strong><\/p>\n\n\n\n<figure class=\"wp-block-image size-large\"><img loading=\"lazy\" decoding=\"async\" width=\"2048\" height=\"1536\" src=\"https:\/\/www.alajarvenankkurit.fi\/yleisurheilu\/wp-content\/uploads\/sites\/2\/2023\/05\/1685476118047-2048x1536.jpg\" alt=\"\" class=\"wp-image-5456\" srcset=\"https:\/\/www.alajarvenankkurit.fi\/yleisurheilu\/wp-content\/uploads\/sites\/2\/2023\/05\/1685476118047-2048x1536.jpg 2048w, https:\/\/www.alajarvenankkurit.fi\/yleisurheilu\/wp-content\/uploads\/sites\/2\/2023\/05\/1685476118047-300x225.jpg 300w, https:\/\/www.alajarvenankkurit.fi\/yleisurheilu\/wp-content\/uploads\/sites\/2\/2023\/05\/1685476118047-768x576.jpg 768w, https:\/\/www.alajarvenankkurit.fi\/yleisurheilu\/wp-content\/uploads\/sites\/2\/2023\/05\/1685476118047-1536x1152.jpg 1536w\" sizes=\"auto, (max-width: 767px) 89vw, (max-width: 1000px) 54vw, (max-width: 1071px) 543px, 580px\" \/><figcaption class=\"wp-element-caption\">Klo 18 startattiin!<\/figcaption><\/figure>\n\n\n\n<figure class=\"wp-block-gallery has-nested-images columns-2 is-cropped wp-block-gallery-1 is-layout-flex wp-block-gallery-is-layout-flex\">\n<figure class=\"wp-block-image size-large\"><img loading=\"lazy\" decoding=\"async\" width=\"1500\" height=\"2000\" data-id=\"5430\" src=\"https:\/\/www.alajarvenankkurit.fi\/yleisurheilu\/wp-content\/uploads\/sites\/2\/2023\/05\/WhatsApp-Image-2023-05-29-at-22.14.45-3.jpeg\" alt=\"\" class=\"wp-image-5430\" srcset=\"https:\/\/www.alajarvenankkurit.fi\/yleisurheilu\/wp-content\/uploads\/sites\/2\/2023\/05\/WhatsApp-Image-2023-05-29-at-22.14.45-3.jpeg 1500w, https:\/\/www.alajarvenankkurit.fi\/yleisurheilu\/wp-content\/uploads\/sites\/2\/2023\/05\/WhatsApp-Image-2023-05-29-at-22.14.45-3-225x300.jpeg 225w, https:\/\/www.alajarvenankkurit.fi\/yleisurheilu\/wp-content\/uploads\/sites\/2\/2023\/05\/WhatsApp-Image-2023-05-29-at-22.14.45-3-768x1024.jpeg 768w, https:\/\/www.alajarvenankkurit.fi\/yleisurheilu\/wp-content\/uploads\/sites\/2\/2023\/05\/WhatsApp-Image-2023-05-29-at-22.14.45-3-1152x1536.jpeg 1152w\" sizes=\"auto, (max-width: 767px) 89vw, (max-width: 1000px) 54vw, (max-width: 1071px) 543px, 580px\" \/><figcaption class=\"wp-element-caption\">Liinu, Ilona ja Katariina<\/figcaption><\/figure>\n\n\n\n<figure class=\"wp-block-image size-large\"><img loading=\"lazy\" decoding=\"async\" width=\"1500\" height=\"2000\" data-id=\"5429\" src=\"https:\/\/www.alajarvenankkurit.fi\/yleisurheilu\/wp-content\/uploads\/sites\/2\/2023\/05\/WhatsApp-Image-2023-05-29-at-22.14.45-4.jpeg\" alt=\"\" class=\"wp-image-5429\" srcset=\"https:\/\/www.alajarvenankkurit.fi\/yleisurheilu\/wp-content\/uploads\/sites\/2\/2023\/05\/WhatsApp-Image-2023-05-29-at-22.14.45-4.jpeg 1500w, https:\/\/www.alajarvenankkurit.fi\/yleisurheilu\/wp-content\/uploads\/sites\/2\/2023\/05\/WhatsApp-Image-2023-05-29-at-22.14.45-4-225x300.jpeg 225w, https:\/\/www.alajarvenankkurit.fi\/yleisurheilu\/wp-content\/uploads\/sites\/2\/2023\/05\/WhatsApp-Image-2023-05-29-at-22.14.45-4-768x1024.jpeg 768w, https:\/\/www.alajarvenankkurit.fi\/yleisurheilu\/wp-content\/uploads\/sites\/2\/2023\/05\/WhatsApp-Image-2023-05-29-at-22.14.45-4-1152x1536.jpeg 1152w\" sizes=\"auto, (max-width: 767px) 89vw, (max-width: 1000px) 54vw, (max-width: 1071px) 543px, 580px\" \/><figcaption class=\"wp-element-caption\">Alaj\u00e4rven OP kuntoilijat<\/figcaption><\/figure>\n\n\n\n<figure class=\"wp-block-image size-large\"><img loading=\"lazy\" decoding=\"async\" width=\"1500\" height=\"2000\" data-id=\"5435\" src=\"https:\/\/www.alajarvenankkurit.fi\/yleisurheilu\/wp-content\/uploads\/sites\/2\/2023\/05\/WhatsApp-Image-2023-05-29-at-22.14.46-1.jpeg\" alt=\"\" class=\"wp-image-5435\" srcset=\"https:\/\/www.alajarvenankkurit.fi\/yleisurheilu\/wp-content\/uploads\/sites\/2\/2023\/05\/WhatsApp-Image-2023-05-29-at-22.14.46-1.jpeg 1500w, https:\/\/www.alajarvenankkurit.fi\/yleisurheilu\/wp-content\/uploads\/sites\/2\/2023\/05\/WhatsApp-Image-2023-05-29-at-22.14.46-1-225x300.jpeg 225w, https:\/\/www.alajarvenankkurit.fi\/yleisurheilu\/wp-content\/uploads\/sites\/2\/2023\/05\/WhatsApp-Image-2023-05-29-at-22.14.46-1-768x1024.jpeg 768w, https:\/\/www.alajarvenankkurit.fi\/yleisurheilu\/wp-content\/uploads\/sites\/2\/2023\/05\/WhatsApp-Image-2023-05-29-at-22.14.46-1-1152x1536.jpeg 1152w\" sizes=\"auto, (max-width: 767px) 89vw, (max-width: 1000px) 54vw, (max-width: 1071px) 543px, 580px\" \/><figcaption class=\"wp-element-caption\">Solomon ja Aleksi<\/figcaption><\/figure>\n\n\n\n<figure class=\"wp-block-image size-large\"><img loading=\"lazy\" decoding=\"async\" width=\"1500\" height=\"2000\" data-id=\"5434\" src=\"https:\/\/www.alajarvenankkurit.fi\/yleisurheilu\/wp-content\/uploads\/sites\/2\/2023\/05\/WhatsApp-Image-2023-05-29-at-22.14.45-1.jpeg\" alt=\"\" class=\"wp-image-5434\" srcset=\"https:\/\/www.alajarvenankkurit.fi\/yleisurheilu\/wp-content\/uploads\/sites\/2\/2023\/05\/WhatsApp-Image-2023-05-29-at-22.14.45-1.jpeg 1500w, https:\/\/www.alajarvenankkurit.fi\/yleisurheilu\/wp-content\/uploads\/sites\/2\/2023\/05\/WhatsApp-Image-2023-05-29-at-22.14.45-1-225x300.jpeg 225w, https:\/\/www.alajarvenankkurit.fi\/yleisurheilu\/wp-content\/uploads\/sites\/2\/2023\/05\/WhatsApp-Image-2023-05-29-at-22.14.45-1-768x1024.jpeg 768w, https:\/\/www.alajarvenankkurit.fi\/yleisurheilu\/wp-content\/uploads\/sites\/2\/2023\/05\/WhatsApp-Image-2023-05-29-at-22.14.45-1-1152x1536.jpeg 1152w\" sizes=\"auto, (max-width: 767px) 89vw, (max-width: 1000px) 54vw, (max-width: 1071px) 543px, 580px\" \/><figcaption class=\"wp-element-caption\">Jussi ja Janne<\/figcaption><\/figure>\n\n\n\n<figure class=\"wp-block-image size-large is-style-default\"><img loading=\"lazy\" decoding=\"async\" width=\"1500\" height=\"2000\" data-id=\"5431\" src=\"https:\/\/www.alajarvenankkurit.fi\/yleisurheilu\/wp-content\/uploads\/sites\/2\/2023\/05\/WhatsApp-Image-2023-05-29-at-22.14.46-2.jpeg\" alt=\"\" class=\"wp-image-5431\" srcset=\"https:\/\/www.alajarvenankkurit.fi\/yleisurheilu\/wp-content\/uploads\/sites\/2\/2023\/05\/WhatsApp-Image-2023-05-29-at-22.14.46-2.jpeg 1500w, https:\/\/www.alajarvenankkurit.fi\/yleisurheilu\/wp-content\/uploads\/sites\/2\/2023\/05\/WhatsApp-Image-2023-05-29-at-22.14.46-2-225x300.jpeg 225w, https:\/\/www.alajarvenankkurit.fi\/yleisurheilu\/wp-content\/uploads\/sites\/2\/2023\/05\/WhatsApp-Image-2023-05-29-at-22.14.46-2-768x1024.jpeg 768w, https:\/\/www.alajarvenankkurit.fi\/yleisurheilu\/wp-content\/uploads\/sites\/2\/2023\/05\/WhatsApp-Image-2023-05-29-at-22.14.46-2-1152x1536.jpeg 1152w\" sizes=\"auto, (max-width: 767px) 89vw, (max-width: 1000px) 54vw, (max-width: 1071px) 543px, 580px\" \/><figcaption class=\"wp-element-caption\">Claudia, Hanna, Olavi ja Kari<\/figcaption><\/figure>\n\n\n\n<figure class=\"wp-block-image size-large\"><img loading=\"lazy\" decoding=\"async\" width=\"1500\" height=\"2000\" data-id=\"5432\" src=\"https:\/\/www.alajarvenankkurit.fi\/yleisurheilu\/wp-content\/uploads\/sites\/2\/2023\/05\/WhatsApp-Image-2023-05-29-at-22.14.45-2.jpeg\" alt=\"\" class=\"wp-image-5432\" srcset=\"https:\/\/www.alajarvenankkurit.fi\/yleisurheilu\/wp-content\/uploads\/sites\/2\/2023\/05\/WhatsApp-Image-2023-05-29-at-22.14.45-2.jpeg 1500w, https:\/\/www.alajarvenankkurit.fi\/yleisurheilu\/wp-content\/uploads\/sites\/2\/2023\/05\/WhatsApp-Image-2023-05-29-at-22.14.45-2-225x300.jpeg 225w, https:\/\/www.alajarvenankkurit.fi\/yleisurheilu\/wp-content\/uploads\/sites\/2\/2023\/05\/WhatsApp-Image-2023-05-29-at-22.14.45-2-768x1024.jpeg 768w, https:\/\/www.alajarvenankkurit.fi\/yleisurheilu\/wp-content\/uploads\/sites\/2\/2023\/05\/WhatsApp-Image-2023-05-29-at-22.14.45-2-1152x1536.jpeg 1152w\" sizes=\"auto, (max-width: 767px) 89vw, (max-width: 1000px) 54vw, (max-width: 1071px) 543px, 580px\" \/><figcaption class=\"wp-element-caption\">Kirsi ja Kalle<\/figcaption><\/figure>\n<\/figure>\n\n\n\n<div class=\"wp-block-file\"><a id=\"wp-block-file--media-f5bfdca3-6110-430b-8eb6-0531e52dfbe7\" href=\"https:\/\/www.alajarvenankkurit.fi\/yleisurheilu\/wp-content\/uploads\/sites\/2\/2023\/03\/Kunniakierros_2023_saannot.pdf\">Kunniakierros_2023_saannot<\/a><a href=\"https:\/\/www.alajarvenankkurit.fi\/yleisurheilu\/wp-content\/uploads\/sites\/2\/2023\/03\/Kunniakierros_2023_saannot.pdf\" class=\"wp-block-file__button wp-element-button\" download aria-describedby=\"wp-block-file--media-f5bfdca3-6110-430b-8eb6-0531e52dfbe7\">Lataa<\/a><\/div>\n\n\n\n<p>Kaikki ovat tervetulleita kunniakierrostapahtumaan, jossa kuntoillaan 60 minuuttia hyv\u00e4ss\u00e4 hengess\u00e4 ik\u00e4\u00e4n tai kuntoon katsomatta. Tule mukaan tukijaksi t\u00e4h\u00e4n jo 42 vuotta jatkuneeseen ker\u00e4ykseen tai liikkumaan itse! Samalla tapaat seuran nuoria urheilijoita, joihin ker\u00e4tty tuki kohdistuu. Osallistujien kesken arvomme my\u00f6s muutamia tuotepalkintoja!<\/p>\n\n\n\n<p>Kunniakierros on Suomen Urheiluliiton ja sen j\u00e4senseurojen yhteinen varainkeruukampanja, jonka urheiluseurat organisoivat paikallisesti. Kunniakierrosperinne on jatkunut jo yli 40 vuotta ja seurat ovat ker\u00e4nneet varoja toimintaansa reilut 33 miljoonaa euroa! Kampanjan tuotto k\u00e4ytet\u00e4\u00e4n yleisurheiluty\u00f6h\u00f6n seuroissa, piireiss\u00e4 ja SUL:ssa.<\/p>\n\n\n\n<p>Kunniakierroksen ideana on haastaa seurav\u00e4ki ker\u00e4\u00e4m\u00e4\u00e4n tukijoita yrityksilt\u00e4 tai yksityishenkil\u00f6ilt\u00e4. Ker\u00e4ys tapahtuu <a href=\"http:\/\/kunniakierros.fi\/_am_fileupload\/Upload\/get\/51fc8806-320e-4dd7-93f2-b3747578908b.pdf?key=EAFC4C95F5AA2117A68578651E4292E59A5FDBB2B6B883E0BC7B6B719529E00A1C5FCE41EC65719EA9CB262C69B567FBCE63F7D8879E7FB9EACCB955F52B1E7ECCED5D7132F7489AE02651B67FFC887FC7ED0785C258A100368B03951E5462B07E0C103555A3A98959A2FB571DA3FF4DD497F23A499C0702D9394F438884315906924E41BAFEDC681E248C1B87378604\" target=\"_blank\" rel=\"noreferrer noopener\">ker\u00e4yslomakkeilla<\/a> \/ mobiilitallennuksen avulla tai vain ilmoittamalla osallistumisestaan&nbsp;<a href=\"http:\/\/www.alajarvenankkurit.fi\/yleisurheilu\/yhteystiedot\/\" target=\"_blank\" rel=\"noreferrer noopener\">jaoston j\u00e4senille<\/a>! Minimi tukisumma on 15 euroa ja k\u00e4teismaksuja ei saa ker\u00e4t\u00e4. Luvatuista tukisummista l\u00e4hetet\u00e4\u00e4n laskut s\u00e4hk\u00f6postitse tai paperipostina kunniakierrostapahtuman j\u00e4lkeen. Sivun alussa olevasta linkist\u00e4 p\u00e4\u00e4set sivulle, jolle listattuna vuoden 2023 t\u00e4h\u00e4n menness\u00e4 varmistuneet ker\u00e4\u00e4j\u00e4t. Lis\u00e4tietoja yleisurheilujaoston s\u00e4hk\u00f6postiosoitteesta (yleisurheilu@alajarvenankkurit.fi) tai suoraan&nbsp;<a href=\"http:\/\/www.alajarvenankkurit.fi\/yleisurheilu\/yhteystiedot\/\" target=\"_blank\" rel=\"noreferrer noopener\">jaoston j\u00e4senilt\u00e4<\/a>!<\/p>\n\n\n\n<p>Valtakunnalliselta&nbsp;<a href=\"https:\/\/kunniakierros.fi\/fi\/public\" target=\"_blank\" rel=\"noreferrer noopener\">www.kunniakierros.fi<\/a>&nbsp;-sivulta l\u00f6ytyy lis\u00e4\u00e4 tietoa tapahtumasta ja voi seurata ker\u00e4ystilannetta.<\/p>\n\n\n\n<figure class=\"wp-block-gallery has-nested-images columns-2 wp-block-gallery-2 is-layout-flex wp-block-gallery-is-layout-flex\">\n<figure class=\"wp-block-image size-full\"><img loading=\"lazy\" decoding=\"async\" width=\"369\" height=\"246\" data-id=\"5021\" src=\"https:\/\/www.alajarvenankkurit.fi\/yleisurheilu\/wp-content\/uploads\/sites\/2\/2023\/04\/Kunniakierros_2023-1.jpg\" alt=\"\" class=\"wp-image-5021\" srcset=\"https:\/\/www.alajarvenankkurit.fi\/yleisurheilu\/wp-content\/uploads\/sites\/2\/2023\/04\/Kunniakierros_2023-1.jpg 369w, https:\/\/www.alajarvenankkurit.fi\/yleisurheilu\/wp-content\/uploads\/sites\/2\/2023\/04\/Kunniakierros_2023-1-300x200.jpg 300w\" sizes=\"auto, (max-width: 369px) 100vw, 369px\" \/><\/figure>\n<\/figure>\n\n\n\n<p>Edellisen tapahtuman muistelot&nbsp;<a href=\"https:\/\/www.alajarvenankkurit.fi\/yleisurheilu\/kunniakierros\/2022-2\/\">t\u00e4st\u00e4 linkist\u00e4<\/a>!<\/p>\n","protected":false},"excerpt":{"rendered":"<p>Ankkurikent\u00e4ll\u00e4 ker\u00e4ttiin varoja 29.5.2023! Vuoden 2023 ker\u00e4\u00e4j\u00e4t: Kunniakierros 2023 &#8211; Ker\u00e4\u00e4j\u00e4t &#8211; Alaj\u00e4rven Ankkurit \/ Yleisurheilu (alajarvenankkurit.fi) Perinteiseen kunniakierrostapahtumaan oli saatu j\u00e4lleen mukava m\u00e4\u00e4r\u00e4 reipasta kuntoilijasakkia, kun reilut 20 juoksijaa tai k\u00e4velij\u00e4\u00e4 kiersi Ankkurikent\u00e4n juoksurataa. He kuntoilivat hymyss\u00e4 suin eiv\u00e4tk\u00e4 illan koleutta valitelleet, mutta seisoskelijoita ei l\u00e4mp\u00f6 juuri hellinyt. Tapahtuman idea on ker\u00e4t\u00e4 itselleen tukijoita &hellip; <\/p>\n<p class=\"link-more\"><a href=\"https:\/\/www.alajarvenankkurit.fi\/yleisurheilu\/kunniakierros\/kunniakierros-2023\/\" class=\"more-link\">Jatka lukemista<span class=\"screen-reader-text\"> &#8221;2023&#8221;<\/span><\/a><\/p>\n","protected":false},"author":5,"featured_media":0,"parent":478,"menu_order":1,"comment_status":"closed","ping_status":"closed","template":"","meta":{"footnotes":""},"class_list":["post-4698","page","type-page","status-publish","hentry"],"_links":{"self":[{"href":"https:\/\/www.alajarvenankkurit.fi\/yleisurheilu\/wp-json\/wp\/v2\/pages\/4698","targetHints":{"allow":["GET"]}}],"collection":[{"href":"https:\/\/www.alajarvenankkurit.fi\/yleisurheilu\/wp-json\/wp\/v2\/pages"}],"about":[{"href":"https:\/\/www.alajarvenankkurit.fi\/yleisurheilu\/wp-json\/wp\/v2\/types\/page"}],"author":[{"embeddable":true,"href":"https:\/\/www.alajarvenankkurit.fi\/yleisurheilu\/wp-json\/wp\/v2\/users\/5"}],"replies":[{"embeddable":true,"href":"https:\/\/www.alajarvenankkurit.fi\/yleisurheilu\/wp-json\/wp\/v2\/comments?post=4698"}],"version-history":[{"count":19,"href":"https:\/\/www.alajarvenankkurit.fi\/yleisurheilu\/wp-json\/wp\/v2\/pages\/4698\/revisions"}],"predecessor-version":[{"id":6111,"href":"https:\/\/www.alajarvenankkurit.fi\/yleisurheilu\/wp-json\/wp\/v2\/pages\/4698\/revisions\/6111"}],"up":[{"embeddable":true,"href":"https:\/\/www.alajarvenankkurit.fi\/yleisurheilu\/wp-json\/wp\/v2\/pages\/478"}],"wp:attachment":[{"href":"https:\/\/www.alajarvenankkurit.fi\/yleisurheilu\/wp-json\/wp\/v2\/media?parent=4698"}],"curies":[{"name":"wp","href":"https:\/\/api.w.org\/{rel}","templated":true}]}}