{"id":446,"date":"2021-06-01T23:32:00","date_gmt":"2021-06-01T20:32:00","guid":{"rendered":"http:\/\/212.66.193.72\/~cp4520516\/yleisurheilu\/?page_id=446"},"modified":"2025-04-06T12:03:43","modified_gmt":"2025-04-06T09:03:43","slug":"seuracup","status":"publish","type":"page","link":"https:\/\/www.alajarvenankkurit.fi\/yleisurheilu\/kilpailutoiminta\/seuracup\/","title":{"rendered":"Seuracup"},"content":{"rendered":"\n<figure class=\"wp-block-image size-large\"><img loading=\"lazy\" decoding=\"async\" width=\"777\" height=\"177\" src=\"https:\/\/www.alajarvenankkurit.fi\/yleisurheilu\/wp-content\/uploads\/sites\/2\/2019\/10\/logo.gif\" alt=\"\" class=\"wp-image-105\" \/><\/figure>\n\n\n\n<p class=\"has-pale-cyan-blue-background-color has-background\"><strong>T\u00e4ss\u00e4 mielenkiintoisessa ja j\u00e4nnitt\u00e4v\u00e4ss\u00e4 joukkuekisassa hypp\u00e4\u00e4j\u00e4t, heitt\u00e4j\u00e4t ja juoksijat ovat kaikki aivan yht\u00e4 t\u00e4rkeit\u00e4!<\/strong><\/p>\n\n\n\n<p>Linkki valtakunnallisille sivuille: <a href=\"https:\/\/www.yleisurheilu.fi\/seuracup\/\" target=\"_blank\" rel=\"noreferrer noopener\" aria-label=\" (opens in a new tab)\">yleisurheilu.fi\/seuracup\/<\/a><\/p>\n\n\n\n<p>Valtakunnallinen yleisurheilun Pohjola Seuracup j\u00e4rjestet\u00e4\u00e4n vuonna 2025 jo 28. kerran. Seuracupissa 11\u201317-vuotiaat nuoret kilpailevat ik\u00e4luokittain l\u00e4hes kaikissa yleisurheilulajeissa.<\/p>\n\n\n\n<p>Seurojen paremmuusj\u00e4rjestys piirikisoissa muodostuu yksil\u00f6suoritusten mukaan lasketuista pisteist\u00e4. L\u00e4hes 50 piirikisaa sis\u00e4lt\u00e4v\u00e4 kilpailusarja huipentuu valtakunnallisiin finaaleihin, jotka kilpaillaan kuntien asukasluvun mukaisesti kolmessa eri sarjassa sek\u00e4 Superfinaalissa. Superfinaaliin etenee piirikisoista kaikki sarjat huomioiden 7 parasta seuraa sek\u00e4 finaalin j\u00e4rjest\u00e4v\u00e4 seura. Muihin finaaleihin p\u00e4\u00e4see 15 seurajoukkuetta ja finaalin j\u00e4rjest\u00e4v\u00e4 seura kunkin kilpailusarjan (A-, B- ja C-sarjat) piirikisoissa ker\u00e4ttyjen pisteiden perusteella. Alaj\u00e4rven Ankkurit kilpailee pienimpien seurojen A-sarjassa (alle 10 000 asukkaan paikkakunnalla toimivat seurat).<\/p>\n\n\n\n<p>Ankkureiden joukkue on saanut my\u00f6nteist\u00e4 palautetta joukkuehengest\u00e4\u00e4n, mik\u00e4 n\u00e4kyy ja kuuluu my\u00f6s ulkopuolisille. Useat seuramme urheilijat ovat uhrautuneet itselleen outoihin lajeihin ja vanhempiin sarjoihin hyv\u00e4ll\u00e4 menestyksell\u00e4; olemme useana vuonna selvitt\u00e4neet tiemme valtakunnalliseen finaaliin. <\/p>\n\n\n\n<p>Seuracupin kisat ovat mainio paikka my\u00f6s yksil\u00f6lajien urheilijoiden kokea joukkuekisan henke\u00e4. Piirikisoissa kilpaillaan joukkueena ja niiss\u00e4  tehdyt tulokset ovat sijoituksia t\u00e4rke\u00e4mpi\u00e4. Joukkueen saamat pisteet  m\u00e4\u00e4r\u00e4ytyv\u00e4t tulosten perusteella. Mik\u00e4li lajissa ei ole suorittajaa,  niin pisteit\u00e4k\u00e4\u00e4n ei tule. Vastaavasti vain lajissaan seuran paras tuo  pisteet seuralle. Piirikisoissa voi sarjoissa ja lajeissa kilpailla useampi urheilija, mutta pisteit\u00e4 ker\u00e4\u00e4 vain lajin paras. Finaalissa osallistumisoikeus on vain yhdell\u00e4 urheilijalla\/sarja\/laji ja siell\u00e4 pisteit\u00e4 tuo sijoitus eik\u00e4 tulos. Finaalijoukkueen koko on 30 hl\u00f6\u00e4.&nbsp;<\/p>\n\n\n\n<p>Seuramme on kisannut Seuracupin finaalissa\u00a012 kertaa. Vuodet 2012 ja 2013 ovat olleet t\u00e4h\u00e4n astisen &#8221;Seuracup-historiamme&#8221; parhaita; nuoremme olivat hienosti hopealla. Eli koko Suomen toiseksi paras yleisurheiluseura omassa kokoluokassaan. Seuracupin finaalisijoitukset vuosilta 1998-2022 ovat n\u00e4ht\u00e4viss\u00e4 <strong> <a href=\"https:\/\/view.officeapps.live.com\/op\/view.aspx?src=https%3A%2F%2Fwww.yleisurheilu.fi%2Fwp-content%2Fuploads%2F2023%2F01%2FSeuracup-finaalisijoitukset-1998-2022.xlsx&amp;wdOrigin=BROWSELINK\" target=\"_blank\" rel=\"noreferrer noopener\">t\u00e4st\u00e4 linkist\u00e4<\/a><\/strong>!<\/p>\n\n\n\n<p>Vattenfall-finaalista 2012 Mikon ja Jyrkin tekem\u00e4 video <a href=\"http:\/\/vimeo.com\/49108195\" target=\"_blank\" rel=\"noreferrer noopener\">t\u00e4\u00e4lt\u00e4.<\/a>&nbsp;Parempi versio <a href=\"http:\/\/vimeo.com\/48944029\" target=\"_blank\" rel=\"noreferrer noopener\">t\u00e4\u00e4lt\u00e4<\/a>. <\/p>\n\n\n\n<p>Video Vattenfall-finaalista Vihdist\u00e4 2011&nbsp;<a href=\"http:\/\/vimeo.com\/29134177\" target=\"_blank\" rel=\"noreferrer noopener\">t\u00e4\u00e4lt\u00e4<\/a>.<\/p>\n\n\n\n<figure class=\"wp-block-gallery has-nested-images columns-default is-cropped wp-block-gallery-1 is-layout-flex wp-block-gallery-is-layout-flex\">\n<figure class=\"wp-block-image size-large\"><img loading=\"lazy\" decoding=\"async\" width=\"1639\" height=\"1092\" data-id=\"1712\" src=\"https:\/\/www.alajarvenankkurit.fi\/yleisurheilu\/wp-content\/uploads\/sites\/2\/2020\/09\/Sukkulal\u00e4psy.jpg\" alt=\"\" class=\"wp-image-1712\" srcset=\"https:\/\/www.alajarvenankkurit.fi\/yleisurheilu\/wp-content\/uploads\/sites\/2\/2020\/09\/Sukkulal\u00e4psy.jpg 1639w, https:\/\/www.alajarvenankkurit.fi\/yleisurheilu\/wp-content\/uploads\/sites\/2\/2020\/09\/Sukkulal\u00e4psy-300x200.jpg 300w, https:\/\/www.alajarvenankkurit.fi\/yleisurheilu\/wp-content\/uploads\/sites\/2\/2020\/09\/Sukkulal\u00e4psy-768x512.jpg 768w, https:\/\/www.alajarvenankkurit.fi\/yleisurheilu\/wp-content\/uploads\/sites\/2\/2020\/09\/Sukkulal\u00e4psy-1536x1023.jpg 1536w\" sizes=\"auto, (max-width: 767px) 89vw, (max-width: 1000px) 54vw, (max-width: 1071px) 543px, 580px\" \/><\/figure>\n\n\n\n<figure class=\"wp-block-image size-large\"><img loading=\"lazy\" decoding=\"async\" width=\"1639\" height=\"1092\" data-id=\"1713\" src=\"https:\/\/www.alajarvenankkurit.fi\/yleisurheilu\/wp-content\/uploads\/sites\/2\/2020\/09\/Seuracup-2020-Sukkulaviesti.jpg\" alt=\"\" class=\"wp-image-1713\" srcset=\"https:\/\/www.alajarvenankkurit.fi\/yleisurheilu\/wp-content\/uploads\/sites\/2\/2020\/09\/Seuracup-2020-Sukkulaviesti.jpg 1639w, https:\/\/www.alajarvenankkurit.fi\/yleisurheilu\/wp-content\/uploads\/sites\/2\/2020\/09\/Seuracup-2020-Sukkulaviesti-300x200.jpg 300w, https:\/\/www.alajarvenankkurit.fi\/yleisurheilu\/wp-content\/uploads\/sites\/2\/2020\/09\/Seuracup-2020-Sukkulaviesti-768x512.jpg 768w, https:\/\/www.alajarvenankkurit.fi\/yleisurheilu\/wp-content\/uploads\/sites\/2\/2020\/09\/Seuracup-2020-Sukkulaviesti-1536x1023.jpg 1536w\" sizes=\"auto, (max-width: 767px) 89vw, (max-width: 1000px) 54vw, (max-width: 1071px) 543px, 580px\" \/><\/figure>\n\n\n\n<figure class=\"wp-block-image size-large\"><img loading=\"lazy\" decoding=\"async\" width=\"1639\" height=\"1311\" data-id=\"1710\" src=\"https:\/\/www.alajarvenankkurit.fi\/yleisurheilu\/wp-content\/uploads\/sites\/2\/2020\/09\/Ilona_Takala.jpg\" alt=\"\" class=\"wp-image-1710\" srcset=\"https:\/\/www.alajarvenankkurit.fi\/yleisurheilu\/wp-content\/uploads\/sites\/2\/2020\/09\/Ilona_Takala.jpg 1639w, https:\/\/www.alajarvenankkurit.fi\/yleisurheilu\/wp-content\/uploads\/sites\/2\/2020\/09\/Ilona_Takala-300x240.jpg 300w, https:\/\/www.alajarvenankkurit.fi\/yleisurheilu\/wp-content\/uploads\/sites\/2\/2020\/09\/Ilona_Takala-768x614.jpg 768w, https:\/\/www.alajarvenankkurit.fi\/yleisurheilu\/wp-content\/uploads\/sites\/2\/2020\/09\/Ilona_Takala-1536x1229.jpg 1536w\" sizes=\"auto, (max-width: 767px) 89vw, (max-width: 1000px) 54vw, (max-width: 1071px) 543px, 580px\" \/><\/figure>\n<\/figure>\n\n\n\n<figure class=\"wp-block-gallery has-nested-images columns-default is-cropped wp-block-gallery-2 is-layout-flex wp-block-gallery-is-layout-flex\">\n<figure class=\"wp-block-image size-large\"><a href=\"https:\/\/www.alajarvenankkurit.fi\/yleisurheilu\/wp-content\/uploads\/sites\/2\/2019\/10\/vattenfall-033.jpeg\"><img loading=\"lazy\" decoding=\"async\" width=\"800\" height=\"600\" data-id=\"111\" src=\"https:\/\/www.alajarvenankkurit.fi\/yleisurheilu\/wp-content\/uploads\/sites\/2\/2019\/10\/vattenfall-033.jpeg\" alt=\"\" class=\"wp-image-111\" srcset=\"https:\/\/www.alajarvenankkurit.fi\/yleisurheilu\/wp-content\/uploads\/sites\/2\/2019\/10\/vattenfall-033.jpeg 800w, https:\/\/www.alajarvenankkurit.fi\/yleisurheilu\/wp-content\/uploads\/sites\/2\/2019\/10\/vattenfall-033-300x225.jpeg 300w, https:\/\/www.alajarvenankkurit.fi\/yleisurheilu\/wp-content\/uploads\/sites\/2\/2019\/10\/vattenfall-033-768x576.jpeg 768w\" sizes=\"auto, (max-width: 767px) 89vw, (max-width: 1000px) 54vw, (max-width: 1071px) 543px, 580px\" \/><\/a><\/figure>\n\n\n\n<figure class=\"wp-block-image size-large\"><a href=\"https:\/\/www.alajarvenankkurit.fi\/yleisurheilu\/wp-content\/uploads\/sites\/2\/2019\/10\/vattenfall-038.jpeg\"><img loading=\"lazy\" decoding=\"async\" width=\"800\" height=\"600\" data-id=\"112\" src=\"https:\/\/www.alajarvenankkurit.fi\/yleisurheilu\/wp-content\/uploads\/sites\/2\/2019\/10\/vattenfall-038.jpeg\" alt=\"\" class=\"wp-image-112\" srcset=\"https:\/\/www.alajarvenankkurit.fi\/yleisurheilu\/wp-content\/uploads\/sites\/2\/2019\/10\/vattenfall-038.jpeg 800w, https:\/\/www.alajarvenankkurit.fi\/yleisurheilu\/wp-content\/uploads\/sites\/2\/2019\/10\/vattenfall-038-300x225.jpeg 300w, https:\/\/www.alajarvenankkurit.fi\/yleisurheilu\/wp-content\/uploads\/sites\/2\/2019\/10\/vattenfall-038-768x576.jpeg 768w\" sizes=\"auto, (max-width: 767px) 89vw, (max-width: 1000px) 54vw, (max-width: 1071px) 543px, 580px\" \/><\/a><\/figure>\n\n\n\n<figure class=\"wp-block-image size-large\"><a href=\"https:\/\/www.alajarvenankkurit.fi\/yleisurheilu\/wp-content\/uploads\/sites\/2\/2019\/10\/vattenfall-006.jpeg\"><img loading=\"lazy\" decoding=\"async\" width=\"800\" height=\"537\" data-id=\"108\" src=\"https:\/\/www.alajarvenankkurit.fi\/yleisurheilu\/wp-content\/uploads\/sites\/2\/2019\/10\/vattenfall-006.jpeg\" alt=\"\" class=\"wp-image-108\" srcset=\"https:\/\/www.alajarvenankkurit.fi\/yleisurheilu\/wp-content\/uploads\/sites\/2\/2019\/10\/vattenfall-006.jpeg 800w, https:\/\/www.alajarvenankkurit.fi\/yleisurheilu\/wp-content\/uploads\/sites\/2\/2019\/10\/vattenfall-006-300x201.jpeg 300w, https:\/\/www.alajarvenankkurit.fi\/yleisurheilu\/wp-content\/uploads\/sites\/2\/2019\/10\/vattenfall-006-768x516.jpeg 768w\" sizes=\"auto, (max-width: 767px) 89vw, (max-width: 1000px) 54vw, (max-width: 1071px) 543px, 580px\" \/><\/a><\/figure>\n\n\n\n<figure class=\"wp-block-image size-large\"><a href=\"https:\/\/www.alajarvenankkurit.fi\/yleisurheilu\/wp-content\/uploads\/sites\/2\/2019\/10\/vattenfall-010.jpeg\"><img loading=\"lazy\" decoding=\"async\" width=\"800\" height=\"600\" data-id=\"109\" src=\"https:\/\/www.alajarvenankkurit.fi\/yleisurheilu\/wp-content\/uploads\/sites\/2\/2019\/10\/vattenfall-010.jpeg\" alt=\"\" class=\"wp-image-109\" srcset=\"https:\/\/www.alajarvenankkurit.fi\/yleisurheilu\/wp-content\/uploads\/sites\/2\/2019\/10\/vattenfall-010.jpeg 800w, https:\/\/www.alajarvenankkurit.fi\/yleisurheilu\/wp-content\/uploads\/sites\/2\/2019\/10\/vattenfall-010-300x225.jpeg 300w, https:\/\/www.alajarvenankkurit.fi\/yleisurheilu\/wp-content\/uploads\/sites\/2\/2019\/10\/vattenfall-010-768x576.jpeg 768w\" sizes=\"auto, (max-width: 767px) 89vw, (max-width: 1000px) 54vw, (max-width: 1071px) 543px, 580px\" \/><\/a><\/figure>\n\n\n\n<figure class=\"wp-block-image size-large\"><a href=\"https:\/\/www.alajarvenankkurit.fi\/yleisurheilu\/wp-content\/uploads\/sites\/2\/2019\/10\/vattenfall-019.jpeg\"><img loading=\"lazy\" decoding=\"async\" width=\"800\" height=\"600\" data-id=\"110\" src=\"https:\/\/www.alajarvenankkurit.fi\/yleisurheilu\/wp-content\/uploads\/sites\/2\/2019\/10\/vattenfall-019.jpeg\" alt=\"\" class=\"wp-image-110\" srcset=\"https:\/\/www.alajarvenankkurit.fi\/yleisurheilu\/wp-content\/uploads\/sites\/2\/2019\/10\/vattenfall-019.jpeg 800w, https:\/\/www.alajarvenankkurit.fi\/yleisurheilu\/wp-content\/uploads\/sites\/2\/2019\/10\/vattenfall-019-300x225.jpeg 300w, https:\/\/www.alajarvenankkurit.fi\/yleisurheilu\/wp-content\/uploads\/sites\/2\/2019\/10\/vattenfall-019-768x576.jpeg 768w\" sizes=\"auto, (max-width: 767px) 89vw, (max-width: 1000px) 54vw, (max-width: 1071px) 543px, 580px\" \/><\/a><\/figure>\n\n\n\n<figure class=\"wp-block-image size-large\"><a href=\"https:\/\/www.alajarvenankkurit.fi\/yleisurheilu\/wp-content\/uploads\/sites\/2\/2019\/10\/vattenfall-001.jpeg\"><img loading=\"lazy\" decoding=\"async\" width=\"800\" height=\"537\" data-id=\"107\" src=\"https:\/\/www.alajarvenankkurit.fi\/yleisurheilu\/wp-content\/uploads\/sites\/2\/2019\/10\/vattenfall-001.jpeg\" alt=\"\" class=\"wp-image-107\" srcset=\"https:\/\/www.alajarvenankkurit.fi\/yleisurheilu\/wp-content\/uploads\/sites\/2\/2019\/10\/vattenfall-001.jpeg 800w, https:\/\/www.alajarvenankkurit.fi\/yleisurheilu\/wp-content\/uploads\/sites\/2\/2019\/10\/vattenfall-001-300x201.jpeg 300w, https:\/\/www.alajarvenankkurit.fi\/yleisurheilu\/wp-content\/uploads\/sites\/2\/2019\/10\/vattenfall-001-768x516.jpeg 768w\" sizes=\"auto, (max-width: 767px) 89vw, (max-width: 1000px) 54vw, (max-width: 1071px) 543px, 580px\" \/><\/a><\/figure>\n<\/figure>\n\n\n\n<p><\/p>\n","protected":false},"excerpt":{"rendered":"<p>T\u00e4ss\u00e4 mielenkiintoisessa ja j\u00e4nnitt\u00e4v\u00e4ss\u00e4 joukkuekisassa hypp\u00e4\u00e4j\u00e4t, heitt\u00e4j\u00e4t ja juoksijat ovat kaikki aivan yht\u00e4 t\u00e4rkeit\u00e4! Linkki valtakunnallisille sivuille: yleisurheilu.fi\/seuracup\/ Valtakunnallinen yleisurheilun Pohjola Seuracup j\u00e4rjestet\u00e4\u00e4n vuonna 2025 jo 28. kerran. Seuracupissa 11\u201317-vuotiaat nuoret kilpailevat ik\u00e4luokittain l\u00e4hes kaikissa yleisurheilulajeissa. Seurojen paremmuusj\u00e4rjestys piirikisoissa muodostuu yksil\u00f6suoritusten mukaan lasketuista pisteist\u00e4. L\u00e4hes 50 piirikisaa sis\u00e4lt\u00e4v\u00e4 kilpailusarja huipentuu valtakunnallisiin finaaleihin, jotka kilpaillaan kuntien &hellip; <\/p>\n<p class=\"link-more\"><a href=\"https:\/\/www.alajarvenankkurit.fi\/yleisurheilu\/kilpailutoiminta\/seuracup\/\" class=\"more-link\">Jatka lukemista<span class=\"screen-reader-text\"> &#8221;Seuracup&#8221;<\/span><\/a><\/p>\n","protected":false},"author":5,"featured_media":0,"parent":495,"menu_order":4,"comment_status":"closed","ping_status":"closed","template":"","meta":{"footnotes":""},"class_list":["post-446","page","type-page","status-publish","hentry"],"_links":{"self":[{"href":"https:\/\/www.alajarvenankkurit.fi\/yleisurheilu\/wp-json\/wp\/v2\/pages\/446","targetHints":{"allow":["GET"]}}],"collection":[{"href":"https:\/\/www.alajarvenankkurit.fi\/yleisurheilu\/wp-json\/wp\/v2\/pages"}],"about":[{"href":"https:\/\/www.alajarvenankkurit.fi\/yleisurheilu\/wp-json\/wp\/v2\/types\/page"}],"author":[{"embeddable":true,"href":"https:\/\/www.alajarvenankkurit.fi\/yleisurheilu\/wp-json\/wp\/v2\/users\/5"}],"replies":[{"embeddable":true,"href":"https:\/\/www.alajarvenankkurit.fi\/yleisurheilu\/wp-json\/wp\/v2\/comments?post=446"}],"version-history":[{"count":21,"href":"https:\/\/www.alajarvenankkurit.fi\/yleisurheilu\/wp-json\/wp\/v2\/pages\/446\/revisions"}],"predecessor-version":[{"id":7308,"href":"https:\/\/www.alajarvenankkurit.fi\/yleisurheilu\/wp-json\/wp\/v2\/pages\/446\/revisions\/7308"}],"up":[{"embeddable":true,"href":"https:\/\/www.alajarvenankkurit.fi\/yleisurheilu\/wp-json\/wp\/v2\/pages\/495"}],"wp:attachment":[{"href":"https:\/\/www.alajarvenankkurit.fi\/yleisurheilu\/wp-json\/wp\/v2\/media?parent=446"}],"curies":[{"name":"wp","href":"https:\/\/api.w.org\/{rel}","templated":true}]}}