{"version":"1.0","provider_name":"Alaj\u00e4rven Ankkurit \/ Yleisurheilu","provider_url":"https:\/\/www.alajarvenankkurit.fi\/yleisurheilu","author_name":"P\u00e4ivitt\u00e4j\u00e4","author_url":"https:\/\/www.alajarvenankkurit.fi\/yleisurheilu\/author\/sari\/","title":"Katariina Suomi-paidassa! - Alaj\u00e4rven Ankkurit \/ Yleisurheilu","type":"rich","width":600,"height":338,"html":"<blockquote class=\"wp-embedded-content\" data-secret=\"En1Ia5kFqf\"><a href=\"https:\/\/www.alajarvenankkurit.fi\/yleisurheilu\/tuloksia\/2023\/katariina-suomi-paidassa\/\">Katariina Suomi-paidassa!<\/a><\/blockquote><iframe sandbox=\"allow-scripts\" security=\"restricted\" src=\"https:\/\/www.alajarvenankkurit.fi\/yleisurheilu\/tuloksia\/2023\/katariina-suomi-paidassa\/embed\/#?secret=En1Ia5kFqf\" width=\"600\" height=\"338\" title=\"&#8221;Katariina Suomi-paidassa!&#8221; &#8212; Alaj\u00e4rven Ankkurit \/ Yleisurheilu\" data-secret=\"En1Ia5kFqf\" frameborder=\"0\" marginwidth=\"0\" marginheight=\"0\" scrolling=\"no\" class=\"wp-embedded-content\"><\/iframe><script>\n\/*! This file is auto-generated *\/\n!function(d,l){\"use strict\";l.querySelector&&d.addEventListener&&\"undefined\"!=typeof URL&&(d.wp=d.wp||{},d.wp.receiveEmbedMessage||(d.wp.receiveEmbedMessage=function(e){var t=e.data;if((t||t.secret||t.message||t.value)&&!\/[^a-zA-Z0-9]\/.test(t.secret)){for(var s,r,n,a=l.querySelectorAll('iframe[data-secret=\"'+t.secret+'\"]'),o=l.querySelectorAll('blockquote[data-secret=\"'+t.secret+'\"]'),c=new RegExp(\"^https?:$\",\"i\"),i=0;i<o.length;i++)o[i].style.display=\"none\";for(i=0;i<a.length;i++)s=a[i],e.source===s.contentWindow&&(s.removeAttribute(\"style\"),\"height\"===t.message?(1e3<(r=parseInt(t.value,10))?r=1e3:~~r<200&&(r=200),s.height=r):\"link\"===t.message&&(r=new URL(s.getAttribute(\"src\")),n=new URL(t.value),c.test(n.protocol))&&n.host===r.host&&l.activeElement===s&&(d.top.location.href=t.value))}},d.addEventListener(\"message\",d.wp.receiveEmbedMessage,!1),l.addEventListener(\"DOMContentLoaded\",function(){for(var e,t,s=l.querySelectorAll(\"iframe.wp-embedded-content\"),r=0;r<s.length;r++)(t=(e=s[r]).getAttribute(\"data-secret\"))||(t=Math.random().toString(36).substring(2,12),e.src+=\"#?secret=\"+t,e.setAttribute(\"data-secret\",t)),e.contentWindow.postMessage({message:\"ready\",secret:t},\"*\")},!1)))}(window,document);\n\/\/# sourceURL=https:\/\/www.alajarvenankkurit.fi\/yleisurheilu\/wp-includes\/js\/wp-embed.min.js\n<\/script>\n","description":"Katariina Lepp\u00e4aho suoriutui mainiosti kisaurakastaan 2.-3.9.2023 Tukholmassa j\u00e4rjestelyss\u00e4 Ruotsi-Suomi maaottelussa! T\u00e4n\u00e4 kes\u00e4n\u00e4 16 vuotta t\u00e4ytt\u00e4nyt Katariina sai edustusteht\u00e4v\u00e4n kahta viikkoa aiemmin SM-otteluissa saavuttamansa N17-sarjan pronssimitalin my\u00f6t\u00e4. H\u00e4n aloitti kolmiottelun hypp\u00e4\u00e4m\u00e4ll\u00e4 korkeutta 157 cm, joka on vain sentin v\u00e4hemm\u00e4n kuin elokuussa tekem\u00e4ns\u00e4 enn\u00e4tyskorkeus. Toisena lajina oli kuula (10,30 m), joka sek\u00e4\u00e4n ei j\u00e4\u00e4nyt enn\u00e4tyksest\u00e4 kuin 25 &hellip; Jatka lukemista \"\"","thumbnail_url":"https:\/\/www.alajarvenankkurit.fi\/yleisurheilu\/wp-content\/uploads\/sites\/2\/2023\/09\/Katariina_maaottelussa_pieni-1.jpg"}