{"version":"1.0","provider_name":"Alaj\u00e4rven Ankkurit \/ Yleisurheilu","provider_url":"https:\/\/www.alajarvenankkurit.fi\/yleisurheilu","author_name":"P\u00e4ivitt\u00e4j\u00e4","author_url":"https:\/\/www.alajarvenankkurit.fi\/yleisurheilu\/author\/sari\/","title":"Seuraenn\u00e4tystehtailua kes\u00e4ll\u00e4 2020! - Alaj\u00e4rven Ankkurit \/ Yleisurheilu","type":"rich","width":600,"height":338,"html":"<blockquote class=\"wp-embedded-content\" data-secret=\"U01I1tW9Qg\"><a href=\"https:\/\/www.alajarvenankkurit.fi\/yleisurheilu\/tuloksia\/2020\/seuraennatystehtailua-kesalla-2020\/\">Seuraenn\u00e4tystehtailua kes\u00e4ll\u00e4 2020!<\/a><\/blockquote><iframe sandbox=\"allow-scripts\" security=\"restricted\" src=\"https:\/\/www.alajarvenankkurit.fi\/yleisurheilu\/tuloksia\/2020\/seuraennatystehtailua-kesalla-2020\/embed\/#?secret=U01I1tW9Qg\" width=\"600\" height=\"338\" title=\"&#8221;Seuraenn\u00e4tystehtailua kes\u00e4ll\u00e4 2020!&#8221; &#8212; Alaj\u00e4rven Ankkurit \/ Yleisurheilu\" data-secret=\"U01I1tW9Qg\" frameborder=\"0\" marginwidth=\"0\" marginheight=\"0\" scrolling=\"no\" class=\"wp-embedded-content\"><\/iframe><script>\n\/*! This file is auto-generated *\/\n!function(d,l){\"use strict\";l.querySelector&&d.addEventListener&&\"undefined\"!=typeof URL&&(d.wp=d.wp||{},d.wp.receiveEmbedMessage||(d.wp.receiveEmbedMessage=function(e){var t=e.data;if((t||t.secret||t.message||t.value)&&!\/[^a-zA-Z0-9]\/.test(t.secret)){for(var s,r,n,a=l.querySelectorAll('iframe[data-secret=\"'+t.secret+'\"]'),o=l.querySelectorAll('blockquote[data-secret=\"'+t.secret+'\"]'),c=new RegExp(\"^https?:$\",\"i\"),i=0;i<o.length;i++)o[i].style.display=\"none\";for(i=0;i<a.length;i++)s=a[i],e.source===s.contentWindow&&(s.removeAttribute(\"style\"),\"height\"===t.message?(1e3<(r=parseInt(t.value,10))?r=1e3:~~r<200&&(r=200),s.height=r):\"link\"===t.message&&(r=new URL(s.getAttribute(\"src\")),n=new URL(t.value),c.test(n.protocol))&&n.host===r.host&&l.activeElement===s&&(d.top.location.href=t.value))}},d.addEventListener(\"message\",d.wp.receiveEmbedMessage,!1),l.addEventListener(\"DOMContentLoaded\",function(){for(var e,t,s=l.querySelectorAll(\"iframe.wp-embedded-content\"),r=0;r<s.length;r++)(t=(e=s[r]).getAttribute(\"data-secret\"))||(t=Math.random().toString(36).substring(2,12),e.src+=\"#?secret=\"+t,e.setAttribute(\"data-secret\",t)),e.contentWindow.postMessage({message:\"ready\",secret:t},\"*\")},!1)))}(window,document);\n\/\/# sourceURL=https:\/\/www.alajarvenankkurit.fi\/yleisurheilu\/wp-includes\/js\/wp-embed.min.js\n<\/script>\n","description":"Ankealta yleisurheilukaudelta n\u00e4ytt\u00e4nyt kev\u00e4t k\u00e4\u00e4ntyi kes\u00e4n 2020 edetess\u00e4 varsinaiseksi enn\u00e4tystehtailuksi, mik\u00e4 n\u00e4kyy erityisesti seuran ik\u00e4kausitilastoissa ja seuraenn\u00e4tysten m\u00e4\u00e4riss\u00e4. Erityisesti 11-14 -vuotiaat tyt\u00f6t pistiv\u00e4t tilastoja uuteen uskoon ja takoivat yhteens\u00e4 12 seuraenn\u00e4tyst\u00e4. Lis\u00e4ksi aikuisten sarjoissa syntyi per\u00e4ti nelj\u00e4 uutta seuraenn\u00e4tyst\u00e4! Seuran nuoret urheilijat tekiv\u00e4t kymmenitt\u00e4in uusia merkint\u00f6j\u00e4 tilastoihin, jotka l\u00f6ytyv\u00e4t t\u00e4\u00e4lt\u00e4. Seuraenn\u00e4tykset ovat t\u00e4\u00e4ll\u00e4. K\u00e4y tutustumassa! &hellip; Jatka lukemista \"\"","thumbnail_url":"https:\/\/www.alajarvenankkurit.fi\/yleisurheilu\/wp-content\/uploads\/sites\/2\/2020\/10\/Aluemestaruuskisat-20200712-720_8540-1.jpg"}